{"id":6569,"date":"2025-04-14T09:40:32","date_gmt":"2025-04-14T09:40:32","guid":{"rendered":"https:\/\/www.granducatocollection.com\/?page_id=6569"},"modified":"2025-10-16T10:53:37","modified_gmt":"2025-10-16T10:53:37","slug":"black-car-granducato-navetta-privata-toscana","status":"publish","type":"page","link":"https:\/\/www.granducatocollection.com\/sv\/black-car-granducato-navetta-privata-toscana\/","title":{"rendered":"\u00d6verf\u00f6ringar"},"content":{"rendered":"<h1 class=\"\" data-start=\"503\" data-end=\"583\">Privatbuss Toscana \u2013 Black Car Granducato<\/h1>\n<p><center><img decoding=\"async\" class=\"lazyload alignnone size-full wp-image-6572\" src=\"data:image\/svg+xml,%3Csvg%20xmlns%3D%27http%3A%2F%2Fwww.w3.org%2F2000%2Fsvg%27%20width%3D%27400%27%20height%3D%27351%27%20viewBox%3D%270%200%20400%20351%27%3E%3Crect%20width%3D%27400%27%20height%3D%27351%27%20fill-opacity%3D%220%22%2F%3E%3C%2Fsvg%3E\" data-orig-src=\"https:\/\/www.granducatocollection.com\/wp-content\/uploads\/2025\/04\/black-car-granducato-arezzo-toscana-viareggio-affittacamere-bb.jpg\" alt=\"\" width=\"400\" height=\"351\" \/><\/center><\/p>\n<p>Letar du efter en privat transfer i Toscana? Black Car Granducato erbjuder eleganta, skr\u00e4ddarsydda transferer fr\u00e5n Arezzo, Florens, Siena och andra toskanska st\u00e4der till Rom, Milano och Turin.<\/p>\n<p class=\"translation-block\" data-start=\"585\" data-end=\"1013\">Om du vill resa med klass, komfort och punktlighet \u00e4r <strong data-start=\"653\" data-end=\"677\">Transfer<\/strong>-tj\u00e4nsten det perfekta valet. Erbjuden av <strong data-start=\"709\" data-end=\"732\">Granducato Gestioni<\/strong> \u00e4r denna exklusiva shuttletj\u00e4nst utformad f\u00f6r l\u00e5ngdistans\u00f6verf\u00f6ringar till Italiens st\u00f6rsta st\u00e4der s\u00e5som <strong data-start=\"853\" data-end=\"878\">Rom, Milano och Turin<\/strong>, med avg\u00e5ng fr\u00e5n de mest fascinerande platserna i <strong data-start=\"931\" data-end=\"942\">Toscana<\/strong>, inklusive <strong data-start=\"952\" data-end=\"1012\">Arezzo, Florens, Viareggio, Siena, Lucca och Montepulciano<\/strong>.<\/p>\n<p class=\"translation-block\" data-start=\"1015\" data-end=\"1245\">Tack vare en <strong data-start=\"1028\" data-end=\"1074\">transparent hastighet p\u00e5 2,20 \u20ac per kilometer<\/strong> och m\u00f6jligheten till <strong data-start=\"1097\" data-end=\"1138\">enkel och snabb bokning online<\/strong>, \u00e4r Black Car Granducato perfekt f\u00f6r dig som vill lita p\u00e5 en privat, s\u00e4ker och professionell service.<\/p>\n<hr class=\"\" data-start=\"1247\" data-end=\"1250\" \/>\n<h3 class=\"\" data-start=\"1252\" data-end=\"1299\"><strong data-start=\"1256\" data-end=\"1299\">Komfort och diskretion i varje detalj<\/strong><\/h3>\n<p class=\"\" data-start=\"1301\" data-end=\"1524\">V\u00e5r prioritet \u00e4r passagerarkomfort. Oavsett om du \u00e4r turist, proffs p\u00e5 aff\u00e4rsresa eller kr\u00e4vande resen\u00e4r, garanterar Black Car Granducato en oklanderlig upplevelse, skr\u00e4ddarsydd f\u00f6r alla behov.<\/p>\n<p class=\"translation-block\" data-start=\"1526\" data-end=\"1747\">M\u00e5nga av v\u00e5ra g\u00e4ster p\u00e5 <strong data-start=\"1559\" data-end=\"1593\">B&amp;B och pensionat i Toscana<\/strong> v\u00e4ljer bekv\u00e4mligheten med v\u00e5r tj\u00e4nst och f\u00f6rlitar sig p\u00e5 den kvalitet och konfidentialitet som alltid har pr\u00e4glat erbjudandet av <strong data-start=\"1723\" data-end=\"1746\">Granducato Gestion<\/strong>.<\/p>\n<hr class=\"\" data-start=\"1749\" data-end=\"1752\" \/>\n<h3 class=\"\" data-start=\"1754\" data-end=\"1797\"><strong data-start=\"1758\" data-end=\"1797\">T\u00e4ckning och huvuddestinationer<\/strong><\/h3>\n<p class=\"translation-block\" data-start=\"1799\" data-end=\"1850\">Vi erbjuder direktf\u00f6rbindelser, vid bokning fr\u00e5n <strong data-start=\"1854\" data-end=\"1864\">Arezzo<\/strong>, hj\u00e4rtat av autentiska Toscana<\/p>\n<p class=\"\" data-start=\"2144\" data-end=\"2168\">Till destinationer som:<\/p>\n<ul data-start=\"2170\" data-end=\"2343\">\n<li class=\"\" data-start=\"2170\" data-end=\"2220\">\n<p class=\"translation-block\" data-start=\"2172\" data-end=\"2220\"><strong data-start=\"2172\" data-end=\"2180\">Rom<\/strong>, f\u00f6r dem som reser i aff\u00e4rer eller f\u00f6r turism<\/p>\n<\/li>\n<li class=\"\" data-start=\"2221\" data-end=\"2286\">\n<p class=\"translation-block\" data-start=\"2223\" data-end=\"2286\"><strong data-start=\"2223\" data-end=\"2233\">Milano<\/strong>, modehuvudstad och internationella evenemang<\/p>\n<\/li>\n<li class=\"\" data-start=\"2287\" data-end=\"2343\">\n<p class=\"translation-block\" data-start=\"2289\" data-end=\"2343\"><strong data-start=\"2289\" data-end=\"2299\">Turin<\/strong>, en elegant stad med en stark europeisk k\u00e4nsla<\/p>\n<\/li>\n<\/ul>\n<hr class=\"\" data-start=\"2345\" data-end=\"2348\" \/>\n<h3 class=\"\" data-start=\"2350\" data-end=\"2370\"><strong data-start=\"2354\" data-end=\"2370\">Bokningar<\/strong><\/h3>\n<p class=\"translation-block\" data-start=\"2372\" data-end=\"2615\">Tj\u00e4nsten \u00e4r tillg\u00e4nglig <strong data-start=\"2398\" data-end=\"2417\">vid bokning<\/strong>, n\u00e4r som helst p\u00e5 dygnet. Du kan <strong data-start=\"2461\" data-end=\"2504\">beg\u00e4ra en personlig offert<\/strong> eller forts\u00e4tta med bokningen direkt via det dedikerade formul\u00e4ret som du hittar l\u00e4ngst ner p\u00e5 denna sida.<\/p>\n<hr class=\"\" data-start=\"2617\" data-end=\"2620\" \/>\n<h3 class=\"\" data-start=\"2622\" data-end=\"2667\"><strong data-start=\"2626\" data-end=\"2667\">Varf\u00f6r v\u00e4lja Black Car Granducato<\/strong><\/h3>\n<ul data-start=\"2669\" data-end=\"2966\">\n<li class=\"\" data-start=\"2669\" data-end=\"2715\">\n<p class=\"\" data-start=\"2671\" data-end=\"2715\">Skr\u00e4ddarsydd, privat och bekv\u00e4m service<\/p>\n<\/li>\n<li class=\"\" data-start=\"2716\" data-end=\"2752\">\n<p class=\"translation-block\" data-start=\"2718\" data-end=\"2752\">Avg\u00e5ngar fr\u00e5n hela <strong data-start=\"2739\" data-end=\"2750\">Toscana<\/strong><\/p>\n<\/li>\n<li class=\"\" data-start=\"2753\" data-end=\"2801\">\n<p class=\"translation-block\" data-start=\"2755\" data-end=\"2801\">Perfekt f\u00f6r g\u00e4ster p\u00e5 <strong data-start=\"2776\" data-end=\"2799\">B&amp;B och pensionat<\/strong><\/p>\n<\/li>\n<li class=\"\" data-start=\"2802\" data-end=\"2866\">\n<p class=\"translation-block\" data-start=\"2804\" data-end=\"2866\">Drivs av <strong data-start=\"2815\" data-end=\"2838\">Granducato Gestioni<\/strong>, en garanti f\u00f6r tillf\u00f6rlitlighet<\/p>\n<\/li>\n<li class=\"\" data-start=\"2867\" data-end=\"2913\">\n<p class=\"\" data-start=\"2869\" data-end=\"2913\">Kontinuerlig assistans och garanterad punktlighet<\/p>\n<\/li>\n<li class=\"\" data-start=\"2914\" data-end=\"2966\">\n<p class=\"\" data-start=\"2916\" data-end=\"2966\">Snabb och enkel bokning via onlineformul\u00e4r<\/p>\n<\/li>\n<\/ul>","protected":false},"excerpt":{"rendered":"<p>Navetta Privata Toscana \u2013 Black Car Granducato Cerchi una navetta privata in Toscana? Il servizio Black Car Granducato offre transfer eleganti e su misura da Arezzo, Firenze, Siena e altre citt\u00e0 toscane verso Roma, Milano e Torino. Se desideri viaggiare [...]<\/p>\n","protected":false},"author":1,"featured_media":0,"parent":0,"menu_order":0,"comment_status":"closed","ping_status":"closed","template":"","meta":{"_acf_changed":false,"footnotes":""},"class_list":["post-6569","page","type-page","status-publish","hentry"],"acf":[],"yoast_head":"<!-- This site is optimized with the Yoast SEO plugin v26.7 - https:\/\/yoast.com\/wordpress\/plugins\/seo\/ -->\n<title>B&amp;B Arezzo - Navetta Privata Toscana | Granducato Collection<\/title>\n<meta name=\"description\" content=\"Transfer privato da Arezzo e Toscana verso Roma, Milano, Torino. Tariffa trasparente. Prenota online la tua navetta elegante e su misura\" \/>\n<meta name=\"robots\" content=\"index, follow, max-snippet:-1, max-image-preview:large, max-video-preview:-1\" \/>\n<link rel=\"canonical\" href=\"https:\/\/www.granducatocollection.com\/sv\/black-car-granducato-navetta-privata-toscana\/\" \/>\n<meta property=\"og:locale\" content=\"sv_SE\" \/>\n<meta property=\"og:type\" content=\"article\" \/>\n<meta property=\"og:title\" content=\"B&amp;B Arezzo - Navetta Privata Toscana | Granducato Collection\" \/>\n<meta property=\"og:description\" content=\"Transfer privato da Arezzo e Toscana verso Roma, Milano, Torino. Tariffa trasparente. Prenota online la tua navetta elegante e su misura\" \/>\n<meta property=\"og:url\" content=\"https:\/\/www.granducatocollection.com\/sv\/black-car-granducato-navetta-privata-toscana\/\" \/>\n<meta property=\"og:site_name\" content=\"Granducato Collection\" \/>\n<meta property=\"article:modified_time\" content=\"2025-10-16T10:53:37+00:00\" \/>\n<meta property=\"og:image\" content=\"https:\/\/www.granducatocollection.com\/wp-content\/uploads\/2025\/04\/black-car-granducato-arezzo-toscana-viareggio-affittacamere-bb.jpg\" \/>\n<meta name=\"twitter:card\" content=\"summary_large_image\" \/>\n<meta name=\"twitter:label1\" content=\"Ber\u00e4knad l\u00e4stid\" \/>\n\t<meta name=\"twitter:data1\" content=\"2 minuter\" \/>\n<script type=\"application\/ld+json\" class=\"yoast-schema-graph\">{\"@context\":\"https:\/\/schema.org\",\"@graph\":[{\"@type\":\"WebPage\",\"@id\":\"https:\/\/www.granducatocollection.com\/black-car-granducato-navetta-privata-toscana\/\",\"url\":\"https:\/\/www.granducatocollection.com\/black-car-granducato-navetta-privata-toscana\/\",\"name\":\"B&B Arezzo - Navetta Privata Toscana | Granducato Collection\",\"isPartOf\":{\"@id\":\"https:\/\/www.granducatocollection.com\/#website\"},\"primaryImageOfPage\":{\"@id\":\"https:\/\/www.granducatocollection.com\/black-car-granducato-navetta-privata-toscana\/#primaryimage\"},\"image\":{\"@id\":\"https:\/\/www.granducatocollection.com\/black-car-granducato-navetta-privata-toscana\/#primaryimage\"},\"thumbnailUrl\":\"https:\/\/www.granducatocollection.com\/wp-content\/uploads\/2025\/04\/black-car-granducato-arezzo-toscana-viareggio-affittacamere-bb.jpg\",\"datePublished\":\"2025-04-14T09:40:32+00:00\",\"dateModified\":\"2025-10-16T10:53:37+00:00\",\"description\":\"Transfer privato da Arezzo e Toscana verso Roma, Milano, Torino. Tariffa trasparente. Prenota online la tua navetta elegante e su misura\",\"breadcrumb\":{\"@id\":\"https:\/\/www.granducatocollection.com\/black-car-granducato-navetta-privata-toscana\/#breadcrumb\"},\"inLanguage\":\"sv-SE\",\"potentialAction\":[{\"@type\":\"ReadAction\",\"target\":[\"https:\/\/www.granducatocollection.com\/black-car-granducato-navetta-privata-toscana\/\"]}]},{\"@type\":\"ImageObject\",\"inLanguage\":\"sv-SE\",\"@id\":\"https:\/\/www.granducatocollection.com\/black-car-granducato-navetta-privata-toscana\/#primaryimage\",\"url\":\"https:\/\/www.granducatocollection.com\/wp-content\/uploads\/2025\/04\/black-car-granducato-arezzo-toscana-viareggio-affittacamere-bb.jpg\",\"contentUrl\":\"https:\/\/www.granducatocollection.com\/wp-content\/uploads\/2025\/04\/black-car-granducato-arezzo-toscana-viareggio-affittacamere-bb.jpg\"},{\"@type\":\"BreadcrumbList\",\"@id\":\"https:\/\/www.granducatocollection.com\/black-car-granducato-navetta-privata-toscana\/#breadcrumb\",\"itemListElement\":[{\"@type\":\"ListItem\",\"position\":1,\"name\":\"Home\",\"item\":\"https:\/\/www.granducatocollection.com\/\"},{\"@type\":\"ListItem\",\"position\":2,\"name\":\"Transfer\"}]},{\"@type\":\"WebSite\",\"@id\":\"https:\/\/www.granducatocollection.com\/#website\",\"url\":\"https:\/\/www.granducatocollection.com\/\",\"name\":\"GranDucato Collection\",\"description\":\"Prenota la tua vacanza e vivi un&#039;esperienza unica\",\"potentialAction\":[{\"@type\":\"SearchAction\",\"target\":{\"@type\":\"EntryPoint\",\"urlTemplate\":\"https:\/\/www.granducatocollection.com\/?s={search_term_string}\"},\"query-input\":{\"@type\":\"PropertyValueSpecification\",\"valueRequired\":true,\"valueName\":\"search_term_string\"}}],\"inLanguage\":\"sv-SE\"}]}<\/script>\n<!-- \/ Yoast SEO plugin. -->","yoast_head_json":{"title":"B&B Arezzo - Navetta Privata Toscana | Granducato Collection","description":"Transfer privato da Arezzo e Toscana verso Roma, Milano, Torino. Tariffa trasparente. Prenota online la tua navetta elegante e su misura","robots":{"index":"index","follow":"follow","max-snippet":"max-snippet:-1","max-image-preview":"max-image-preview:large","max-video-preview":"max-video-preview:-1"},"canonical":"https:\/\/www.granducatocollection.com\/sv\/black-car-granducato-navetta-privata-toscana\/","og_locale":"sv_SE","og_type":"article","og_title":"B&B Arezzo - Navetta Privata Toscana | Granducato Collection","og_description":"Transfer privato da Arezzo e Toscana verso Roma, Milano, Torino. Tariffa trasparente. Prenota online la tua navetta elegante e su misura","og_url":"https:\/\/www.granducatocollection.com\/sv\/black-car-granducato-navetta-privata-toscana\/","og_site_name":"Granducato Collection","article_modified_time":"2025-10-16T10:53:37+00:00","og_image":[{"url":"https:\/\/www.granducatocollection.com\/wp-content\/uploads\/2025\/04\/black-car-granducato-arezzo-toscana-viareggio-affittacamere-bb.jpg","type":"","width":"","height":""}],"twitter_card":"summary_large_image","twitter_misc":{"Ber\u00e4knad l\u00e4stid":"2 minuter"},"schema":{"@context":"https:\/\/schema.org","@graph":[{"@type":"WebPage","@id":"https:\/\/www.granducatocollection.com\/black-car-granducato-navetta-privata-toscana\/","url":"https:\/\/www.granducatocollection.com\/black-car-granducato-navetta-privata-toscana\/","name":"B&B Arezzo - Navetta Privata Toscana | Granducato Collection","isPartOf":{"@id":"https:\/\/www.granducatocollection.com\/#website"},"primaryImageOfPage":{"@id":"https:\/\/www.granducatocollection.com\/black-car-granducato-navetta-privata-toscana\/#primaryimage"},"image":{"@id":"https:\/\/www.granducatocollection.com\/black-car-granducato-navetta-privata-toscana\/#primaryimage"},"thumbnailUrl":"https:\/\/www.granducatocollection.com\/wp-content\/uploads\/2025\/04\/black-car-granducato-arezzo-toscana-viareggio-affittacamere-bb.jpg","datePublished":"2025-04-14T09:40:32+00:00","dateModified":"2025-10-16T10:53:37+00:00","description":"Transfer privato da Arezzo e Toscana verso Roma, Milano, Torino. Tariffa trasparente. Prenota online la tua navetta elegante e su misura","breadcrumb":{"@id":"https:\/\/www.granducatocollection.com\/black-car-granducato-navetta-privata-toscana\/#breadcrumb"},"inLanguage":"sv-SE","potentialAction":[{"@type":"ReadAction","target":["https:\/\/www.granducatocollection.com\/black-car-granducato-navetta-privata-toscana\/"]}]},{"@type":"ImageObject","inLanguage":"sv-SE","@id":"https:\/\/www.granducatocollection.com\/black-car-granducato-navetta-privata-toscana\/#primaryimage","url":"https:\/\/www.granducatocollection.com\/wp-content\/uploads\/2025\/04\/black-car-granducato-arezzo-toscana-viareggio-affittacamere-bb.jpg","contentUrl":"https:\/\/www.granducatocollection.com\/wp-content\/uploads\/2025\/04\/black-car-granducato-arezzo-toscana-viareggio-affittacamere-bb.jpg"},{"@type":"BreadcrumbList","@id":"https:\/\/www.granducatocollection.com\/black-car-granducato-navetta-privata-toscana\/#breadcrumb","itemListElement":[{"@type":"ListItem","position":1,"name":"Home","item":"https:\/\/www.granducatocollection.com\/"},{"@type":"ListItem","position":2,"name":"Transfer"}]},{"@type":"WebSite","@id":"https:\/\/www.granducatocollection.com\/#website","url":"https:\/\/www.granducatocollection.com\/","name":"GranDucato Collection","description":"Prenota la tua vacanza e vivi un&#039;esperienza unica","potentialAction":[{"@type":"SearchAction","target":{"@type":"EntryPoint","urlTemplate":"https:\/\/www.granducatocollection.com\/?s={search_term_string}"},"query-input":{"@type":"PropertyValueSpecification","valueRequired":true,"valueName":"search_term_string"}}],"inLanguage":"sv-SE"}]}},"_links":{"self":[{"href":"https:\/\/www.granducatocollection.com\/sv\/wp-json\/wp\/v2\/pages\/6569","targetHints":{"allow":["GET"]}}],"collection":[{"href":"https:\/\/www.granducatocollection.com\/sv\/wp-json\/wp\/v2\/pages"}],"about":[{"href":"https:\/\/www.granducatocollection.com\/sv\/wp-json\/wp\/v2\/types\/page"}],"author":[{"embeddable":true,"href":"https:\/\/www.granducatocollection.com\/sv\/wp-json\/wp\/v2\/users\/1"}],"replies":[{"embeddable":true,"href":"https:\/\/www.granducatocollection.com\/sv\/wp-json\/wp\/v2\/comments?post=6569"}],"version-history":[{"count":9,"href":"https:\/\/www.granducatocollection.com\/sv\/wp-json\/wp\/v2\/pages\/6569\/revisions"}],"predecessor-version":[{"id":8927,"href":"https:\/\/www.granducatocollection.com\/sv\/wp-json\/wp\/v2\/pages\/6569\/revisions\/8927"}],"wp:attachment":[{"href":"https:\/\/www.granducatocollection.com\/sv\/wp-json\/wp\/v2\/media?parent=6569"}],"curies":[{"name":"wp","href":"https:\/\/api.w.org\/{rel}","templated":true}]}}