{"id":3833,"date":"2024-07-18T10:33:43","date_gmt":"2024-07-18T10:33:43","guid":{"rendered":"https:\/\/www.granducatocollection.com\/?post_type=avada_portfolio&#038;p=3833"},"modified":"2026-03-17T15:09:33","modified_gmt":"2026-03-17T15:09:33","slug":"viareggio-mare-e-cultura-in-toscana","status":"publish","type":"avada_portfolio","link":"https:\/\/www.granducatocollection.com\/pl\/servizi-e-ospitalita\/viareggio-mare-e-cultura-in-toscana\/","title":{"rendered":"Viareggio"},"content":{"rendered":"<div class=\"fusion-fullwidth fullwidth-box fusion-builder-row-1 fusion-flex-container hundred-percent-fullwidth non-hundred-percent-height-scrolling\" style=\"--awb-border-radius-top-left:0px;--awb-border-radius-top-right:0px;--awb-border-radius-bottom-right:0px;--awb-border-radius-bottom-left:0px;--awb-overflow:visible;--awb-padding-right:0px;--awb-padding-left:0px;--awb-flex-wrap:wrap;\" ><div class=\"fusion-builder-row fusion-row fusion-flex-align-items-flex-start fusion-flex-content-wrap\" style=\"width:calc( 100% + 0px ) !important;max-width:calc( 100% + 0px ) !important;margin-left: calc(-0px \/ 2 );margin-right: calc(-0px \/ 2 );\"><div class=\"fusion-layout-column fusion_builder_column fusion-builder-column-0 fusion_builder_column_1_1 1_1 fusion-flex-column fusion-flex-align-self-flex-start fusion-column-no-min-height\" style=\"--awb-bg-blend:overlay;--awb-bg-size:cover;--awb-width-large:100%;--awb-margin-top-large:0px;--awb-spacing-right-large:0px;--awb-margin-bottom-large:0px;--awb-spacing-left-large:0px;--awb-width-medium:100%;--awb-spacing-right-medium:0px;--awb-spacing-left-medium:0px;--awb-width-small:100%;--awb-spacing-right-small:0px;--awb-spacing-left-small:0px;\"><div class=\"fusion-column-wrapper fusion-flex-justify-content-flex-start fusion-content-layout-column\"><div class=\"fusion-text fusion-text-1\"><p><!-- TAG CANONICAL (FONDAMENTALE PER SEO) --><\/p>\n<p><!-- Open Graph \/ Social Media --><\/p>\n<p><!-- Schema.org markup for LocalBusiness --><br \/>\n<script type=\"application\/ld+json\">{\n    \"@context\": \"https:\\\/\\\/schema.org\",\n    \"@type\": \"TouristDestination\",\n    \"name\": \"Viareggio\",\n    \"description\": \"Localit\\u00e0 balneare della Versilia famosa per il Carnevale e l'architettura Liberty\",\n    \"url\": \"https:\\\/\\\/www.granducatocollection.com\\\/viareggio-storia-arte-ospitalita\\\/\",\n    \"address\": {\n        \"@type\": \"PostalAddress\",\n        \"addressLocality\": \"Viareggio\",\n        \"addressRegion\": \"Toscana\",\n        \"addressCountry\": \"IT\"\n    },\n    \"containsPlace\": {\n        \"@type\": \"LodgingBusiness\",\n        \"name\": \"B&B Viareggio Granducato Collection\"\n    }\n}<\/script><\/p>\n<article>\n<h1>Viareggio: Storia, Arte e Ospitalit\u00e0 tra Mare e Cultura<\/h1>\n<p>Situata sulla splendida costa della Toscana, Viareggio \u00e8 una delle mete turistiche pi\u00f9 affascinanti per chi desidera soggiornare in un B&amp;B o affittacamere e scoprire il fascino della Versilia. La citt\u00e0, oggi famosa per le sue spiagge dorate e il suo Carnevale, ha una storia che affonda le radici nel passato, quando era un semplice porto.<\/p>\n<h2>Dalle origini marinare alla meta turistica<\/h2>\n<p>L'evoluzione di Viareggio in una citt\u00e0 vera e propria ebbe una svolta nel 1819 con la costruzione della prima darsena per volere della duchessa Maria Luisa di Borbone. L'anno successivo, il centro abitato ottenne ufficialmente il rango di citt\u00e0. Tuttavia, fu nel 1822 che Viareggio inizi\u00f2 a emergere come destinazione turistica d'\u00e9lite: la visita di Paolina Borghese, sorella di Napoleone Bonaparte, trasform\u00f2 il luogo in una localit\u00e0 alla moda. Nel 1828 venne inaugurato il primo stabilimento balneare, segnando l'inizio di una lunga tradizione turistica.<\/p>\n<h2>Arte, Cultura e Stile Liberty<\/h2>\n<p>Oltre al turismo balneare, Viareggio \u00e8 un paradiso per gli amanti dell'arte e della cultura. I Musei Civici di Villa Paolina, ricchi di storia e opere d'arte, offrono un viaggio affascinante nel passato. Passeggiando per la citt\u00e0 si possono ammirare numerosi edifici in stile Liberty, che conferiscono a Viareggio un'eleganza senza tempo. Tra le strutture pi\u00f9 iconiche spiccano Villa Argentina e il celebre Caff\u00e8 Margherita, frequentato un tempo dal grande Giacomo Puccini.<\/p>\n<h2>Esperienze Autentiche a Viareggio<\/h2>\n<p>Per chi soggiorna in un B&amp;B o affittacamere a Viareggio, una visita al Museo della Marineria \u00e8 d'obbligo: qui \u00e8 possibile scoprire la vita dei marinai e la storia della citt\u00e0 legata al mare. Inoltre, il mercato di Viareggio offre un'esperienza autentica per chi vuole immergersi nei sapori e nei profumi della cucina toscana, assaporando prodotti locali freschi e genuini.<\/p>\n<h2>Soggiornare a Viareggio<\/h2>\n<p>Viareggio \u00e8 la destinazione perfetta per chi cerca un soggiorno rilassante in un B&amp;B o affittacamere vicino al mare, con la possibilit\u00e0 di esplorare le meraviglie della Toscana e di Arezzo. La sua posizione strategica permette di visitare facilmente le citt\u00e0 d'arte della regione, godendo al tempo stesso delle splendide spiagge della Versilia.<\/p>\n<p>Se stai pianificando una vacanza all'insegna del relax, della cultura e della buona cucina, Viareggio \u00e8 il luogo ideale per prenotare il tuo B&amp;B o affittacamere in Toscana!<\/p>\n<\/article>\n<p><!-- Richiesta di indicizzazione tramite JavaScript --><br \/>\n<script type=\"application\/ld+json\">{\n    \"@context\": \"https:\\\/\\\/schema.org\",\n    \"@type\": \"WebPage\",\n    \"name\": \"Viareggio: Storia, Arte e Ospitalit\\u00e0 tra Mare e Cultura\",\n    \"url\": \"https:\\\/\\\/www.granducatocollection.com\\\/viareggio-storia-arte-ospitalita\\\/\",\n    \"potentialAction\": {\n        \"@type\": \"RequestIndexingAction\",\n        \"target\": {\n            \"@type\": \"EntryPoint\",\n            \"urlTemplate\": \"https:\\\/\\\/www.granducatocollection.com\\\/viareggio-storia-arte-ospitalita\\\/\"\n        }\n    }\n}<\/script><\/p>\n<\/div><a class=\"fusion-modal-text-link\" href=\"#\"><!-- Sezione promozionale: Scopri le nostre strutture --><\/p>\n<section class=\"glamping-structures-intro\" style=\"text-align: center; margin: 40px 0; padding: 25px; background-color: #f9f9f9; border-radius: 12px; box-shadow: 0 2px 10px rgba(0,0,0,0.05);\">\n<h2 style=\"margin-bottom: 20px; font-size: 1.6em; color: #5a3e36; font-weight: bold;\">Odkryj nasze nieruchomo\u015bci w Toskanii<\/h2>\n<div style=\"display: flex; justify-content: center; flex-wrap: wrap; gap: 24px; margin-top: 15px;\">\n<div style=\"text-decoration: none; color: #333; font-weight: bold; display: flex; flex-direction: column; align-items: center; width: 140px; text-align: center;\"><a href=\"https:\/\/www.granducatocollection.com\/pl\/allegratoscana\/\" target=\"_blank\" rel=\"noopener\"><br \/>\n<img class=\"lazyload\" decoding=\"async\" style=\"border-radius: 8px; margin-bottom: 10px; width: 80px; height: 80px; object-fit: cover; box-shadow: 0 4px 8px rgba(0,0,0,0.12); transition: transform 0.3s ease, box-shadow 0.3s ease;\" src=\"data:image\/svg+xml,%3Csvg%20xmlns%3D%27http%3A%2F%2Fwww.w3.org%2F2000%2Fsvg%27%20width%3D%2780%27%20height%3D%2780%27%20viewBox%3D%270%200%2080%2080%27%3E%3Crect%20width%3D%2780%27%20height%3D%2780%27%20fill-opacity%3D%220%22%2F%3E%3C%2Fsvg%3E\" data-orig-src=\"https:\/\/cf.bstatic.com\/xdata\/images\/hotel\/square600\/825069900.webp?k=7cfd4edd31f406256d3923704d9e322c029afbb07b1b43c78443e1d6504f69e1&amp;o=\" alt=\"Allegra Toscana \u2013 Affittacamere nel centro di Arezzo\" width=\"80\" height=\"80\"><br \/>\n<\/a><br \/>\nAllegra Toscana<br \/>\n<span style=\"font-weight: normal; font-size: 0.85em; color: #666;\">Affittacamere \u2013 Arezzo<\/span><\/div>\n<div style=\"text-decoration: none; color: #333; font-weight: bold; display: flex; flex-direction: column; align-items: center; width: 140px; text-align: center;\"><a href=\"https:\/\/www.granducatocollection.com\/pl\/allegraviareggio\/\" target=\"_blank\" rel=\"noopener\"><br \/>\n<img class=\"lazyload\" decoding=\"async\" style=\"border-radius: 8px; margin-bottom: 10px; width: 80px; height: 80px; object-fit: cover; box-shadow: 0 4px 8px rgba(0,0,0,0.12); transition: transform 0.3s ease, box-shadow 0.3s ease;\" src=\"data:image\/svg+xml,%3Csvg%20xmlns%3D%27http%3A%2F%2Fwww.w3.org%2F2000%2Fsvg%27%20width%3D%2780%27%20height%3D%2780%27%20viewBox%3D%270%200%2080%2080%27%3E%3Crect%20width%3D%2780%27%20height%3D%2780%27%20fill-opacity%3D%220%22%2F%3E%3C%2Fsvg%3E\" data-orig-src=\"https:\/\/cf.bstatic.com\/xdata\/images\/hotel\/square600\/486924767.webp?k=2f221b20fe229b88c8f59eaa8bcb4d490459d4067447b94b56767ed2b07414a3&amp;o=\" alt=\"Allegra Viareggio \u2013 Appartamento con terrazza a Viareggio\" width=\"80\" height=\"80\"><br \/>\n<\/a><br \/>\nAllegra Viareggio<br \/>\n<span style=\"font-weight: normal; font-size: 0.85em; color: #666;\">Affittacamere \u2013 Viareggio<\/span><\/div>\n<div style=\"text-decoration: none; color: #333; font-weight: bold; display: flex; flex-direction: column; align-items: center; width: 140px; text-align: center;\"><a href=\"https:\/\/www.granducatocollection.com\/pl\/viovillas-arezzo\/\" target=\"_blank\" rel=\"noopener\"><br \/>\n<img class=\"lazyload\" decoding=\"async\" style=\"border-radius: 8px; margin-bottom: 10px; width: 80px; height: 80px; object-fit: cover; box-shadow: 0 4px 8px rgba(0,0,0,0.12); transition: transform 0.3s ease, box-shadow 0.3s ease;\" src=\"data:image\/svg+xml,%3Csvg%20xmlns%3D%27http%3A%2F%2Fwww.w3.org%2F2000%2Fsvg%27%20width%3D%2780%27%20height%3D%2780%27%20viewBox%3D%270%200%2080%2080%27%3E%3Crect%20width%3D%2780%27%20height%3D%2780%27%20fill-opacity%3D%220%22%2F%3E%3C%2Fsvg%3E\" data-orig-src=\"https:\/\/cf.bstatic.com\/xdata\/images\/hotel\/square240\/826007081.webp?k=eac1dc2174ed1b48d8cd8375ea8987b8520fb1a11dd6d4faf33d7b25e299efe7&amp;o=\" alt=\"VioVillas \u2013 Glamping con piscina coperta vicino Arezzo\" width=\"80\" height=\"80\"><br \/>\n<\/a><br \/>\nVioVillas<br \/>\n<span style=\"font-weight: normal; font-size: 0.85em; color: #666;\">Agriturismo \u2013 Glamping Arezzo<\/span><\/div>\n<div style=\"text-decoration: none; color: #333; font-weight: bold; display: flex; flex-direction: column; align-items: center; width: 140px; text-align: center;\"><a href=\"https:\/\/www.granducatocollection.com\/pl\/la-corte-del-re\/\" target=\"_blank\" rel=\"noopener\"><br \/>\n<img class=\"lazyload\" decoding=\"async\" style=\"border-radius: 8px; margin-bottom: 10px; width: 80px; height: 80px; object-fit: cover; box-shadow: 0 4px 8px rgba(0,0,0,0.12); transition: transform 0.3s ease, box-shadow 0.3s ease;\" src=\"data:image\/svg+xml,%3Csvg%20xmlns%3D%27http%3A%2F%2Fwww.w3.org%2F2000%2Fsvg%27%20width%3D%2780%27%20height%3D%2780%27%20viewBox%3D%270%200%2080%2080%27%3E%3Crect%20width%3D%2780%27%20height%3D%2780%27%20fill-opacity%3D%220%22%2F%3E%3C%2Fsvg%3E\" data-orig-src=\"https:\/\/cf.bstatic.com\/xdata\/images\/hotel\/square240\/825980458.webp?k=ac16342c39415e67d74a56a2a1dd66a2e9242ba29914c61f7e311f3bfd4ab668&amp;o=\" alt=\"La Corte del Re \u2013 Suite con vista su Piazza Grande, Arezzo\" width=\"80\" height=\"80\"><br \/>\n<\/a><br \/>\nLa Corte Del Re<br \/>\n<span style=\"font-weight: normal; font-size: 0.85em; color: #666;\">Suite &amp; Rooms \u2013 Arezzo<\/span><\/div>\n<\/div>\n<\/section>\n<\/a><\/div><\/div><\/div><\/div>","protected":false},"excerpt":{"rendered":"","protected":false},"author":1,"featured_media":5752,"menu_order":0,"comment_status":"closed","ping_status":"closed","template":"","format":"standard","meta":{"_acf_changed":false,"footnotes":""},"portfolio_category":[51],"portfolio_skills":[],"portfolio_tags":[],"class_list":["post-3833","avada_portfolio","type-avada_portfolio","status-publish","format-standard","has-post-thumbnail","hentry","portfolio_category-viareggio"],"acf":[],"yoast_head":"<!-- This site is optimized with the Yoast SEO plugin v26.7 - https:\/\/yoast.com\/wordpress\/plugins\/seo\/ -->\n<title>B&amp;B Arezzo - Viareggio - Gran Ducato Collection<\/title>\n<meta name=\"description\" content=\"Scopri Viareggio con Gran Ducato Collection:soggiorni in B&amp;B e affittacamere nella perla della Versilia alla storia alla magia del Carnevale.\" \/>\n<meta name=\"robots\" content=\"index, follow, max-snippet:-1, max-image-preview:large, max-video-preview:-1\" \/>\n<link rel=\"canonical\" href=\"https:\/\/www.granducatocollection.com\/pl\/servizi-e-ospitalita\/viareggio-mare-e-cultura-in-toscana\/\" \/>\n<meta property=\"og:locale\" content=\"pl_PL\" \/>\n<meta property=\"og:type\" content=\"article\" \/>\n<meta property=\"og:title\" content=\"B&amp;B Arezzo - Viareggio - Gran Ducato Collection\" \/>\n<meta property=\"og:description\" content=\"Scopri Viareggio con Gran Ducato Collection:soggiorni in B&amp;B e affittacamere nella perla della Versilia alla storia alla magia del Carnevale.\" \/>\n<meta property=\"og:url\" content=\"https:\/\/www.granducatocollection.com\/pl\/servizi-e-ospitalita\/viareggio-mare-e-cultura-in-toscana\/\" \/>\n<meta property=\"og:site_name\" content=\"Granducato Collection\" \/>\n<meta property=\"article:modified_time\" content=\"2026-03-17T15:09:33+00:00\" \/>\n<meta property=\"og:image\" content=\"https:\/\/www.granducatocollection.com\/wp-content\/uploads\/2024\/07\/Viareggio-granducatogestioni-arezzo-toscana-newscaled.jpg\" \/>\n\t<meta property=\"og:image:width\" content=\"744\" \/>\n\t<meta property=\"og:image:height\" content=\"427\" \/>\n\t<meta property=\"og:image:type\" content=\"image\/jpeg\" \/>\n<meta name=\"twitter:card\" content=\"summary_large_image\" \/>\n<meta name=\"twitter:label1\" content=\"Szacowany czas czytania\" \/>\n\t<meta name=\"twitter:data1\" content=\"3 minuty\" \/>\n<script type=\"application\/ld+json\" class=\"yoast-schema-graph\">{\"@context\":\"https:\/\/schema.org\",\"@graph\":[{\"@type\":\"WebPage\",\"@id\":\"https:\/\/www.granducatocollection.com\/servizi-e-ospitalita\/viareggio-mare-e-cultura-in-toscana\/\",\"url\":\"https:\/\/www.granducatocollection.com\/servizi-e-ospitalita\/viareggio-mare-e-cultura-in-toscana\/\",\"name\":\"B&B Arezzo - Viareggio - Gran Ducato Collection\",\"isPartOf\":{\"@id\":\"https:\/\/www.granducatocollection.com\/#website\"},\"primaryImageOfPage\":{\"@id\":\"https:\/\/www.granducatocollection.com\/servizi-e-ospitalita\/viareggio-mare-e-cultura-in-toscana\/#primaryimage\"},\"image\":{\"@id\":\"https:\/\/www.granducatocollection.com\/servizi-e-ospitalita\/viareggio-mare-e-cultura-in-toscana\/#primaryimage\"},\"thumbnailUrl\":\"https:\/\/www.granducatocollection.com\/wp-content\/uploads\/2024\/07\/Viareggio-granducatogestioni-arezzo-toscana-newscaled.jpg\",\"datePublished\":\"2024-07-18T10:33:43+00:00\",\"dateModified\":\"2026-03-17T15:09:33+00:00\",\"description\":\"Scopri Viareggio con Gran Ducato Collection:soggiorni in B&B e affittacamere nella perla della Versilia alla storia alla magia del Carnevale.\",\"breadcrumb\":{\"@id\":\"https:\/\/www.granducatocollection.com\/servizi-e-ospitalita\/viareggio-mare-e-cultura-in-toscana\/#breadcrumb\"},\"inLanguage\":\"pl-PL\",\"potentialAction\":[{\"@type\":\"ReadAction\",\"target\":[\"https:\/\/www.granducatocollection.com\/servizi-e-ospitalita\/viareggio-mare-e-cultura-in-toscana\/\"]}]},{\"@type\":\"ImageObject\",\"inLanguage\":\"pl-PL\",\"@id\":\"https:\/\/www.granducatocollection.com\/servizi-e-ospitalita\/viareggio-mare-e-cultura-in-toscana\/#primaryimage\",\"url\":\"https:\/\/www.granducatocollection.com\/wp-content\/uploads\/2024\/07\/Viareggio-granducatogestioni-arezzo-toscana-newscaled.jpg\",\"contentUrl\":\"https:\/\/www.granducatocollection.com\/wp-content\/uploads\/2024\/07\/Viareggio-granducatogestioni-arezzo-toscana-newscaled.jpg\",\"width\":744,\"height\":427},{\"@type\":\"BreadcrumbList\",\"@id\":\"https:\/\/www.granducatocollection.com\/servizi-e-ospitalita\/viareggio-mare-e-cultura-in-toscana\/#breadcrumb\",\"itemListElement\":[{\"@type\":\"ListItem\",\"position\":1,\"name\":\"Home\",\"item\":\"https:\/\/www.granducatocollection.com\/\"},{\"@type\":\"ListItem\",\"position\":2,\"name\":\"Portfolio\",\"item\":\"https:\/\/www.granducatocollection.com\/portfolio-items\/\"},{\"@type\":\"ListItem\",\"position\":3,\"name\":\"false\"}]},{\"@type\":\"WebSite\",\"@id\":\"https:\/\/www.granducatocollection.com\/#website\",\"url\":\"https:\/\/www.granducatocollection.com\/\",\"name\":\"GranDucato Collection\",\"description\":\"Prenota la tua vacanza e vivi un&#039;esperienza unica\",\"potentialAction\":[{\"@type\":\"SearchAction\",\"target\":{\"@type\":\"EntryPoint\",\"urlTemplate\":\"https:\/\/www.granducatocollection.com\/?s={search_term_string}\"},\"query-input\":{\"@type\":\"PropertyValueSpecification\",\"valueRequired\":true,\"valueName\":\"search_term_string\"}}],\"inLanguage\":\"pl-PL\"}]}<\/script>\n<!-- \/ Yoast SEO plugin. -->","yoast_head_json":{"title":"B&B Arezzo - Viareggio - Gran Ducato Collection","description":"Scopri Viareggio con Gran Ducato Collection:soggiorni in B&B e affittacamere nella perla della Versilia alla storia alla magia del Carnevale.","robots":{"index":"index","follow":"follow","max-snippet":"max-snippet:-1","max-image-preview":"max-image-preview:large","max-video-preview":"max-video-preview:-1"},"canonical":"https:\/\/www.granducatocollection.com\/pl\/servizi-e-ospitalita\/viareggio-mare-e-cultura-in-toscana\/","og_locale":"pl_PL","og_type":"article","og_title":"B&B Arezzo - Viareggio - Gran Ducato Collection","og_description":"Scopri Viareggio con Gran Ducato Collection:soggiorni in B&B e affittacamere nella perla della Versilia alla storia alla magia del Carnevale.","og_url":"https:\/\/www.granducatocollection.com\/pl\/servizi-e-ospitalita\/viareggio-mare-e-cultura-in-toscana\/","og_site_name":"Granducato Collection","article_modified_time":"2026-03-17T15:09:33+00:00","og_image":[{"width":744,"height":427,"url":"https:\/\/www.granducatocollection.com\/wp-content\/uploads\/2024\/07\/Viareggio-granducatogestioni-arezzo-toscana-newscaled.jpg","type":"image\/jpeg"}],"twitter_card":"summary_large_image","twitter_misc":{"Szacowany czas czytania":"3 minuty"},"schema":{"@context":"https:\/\/schema.org","@graph":[{"@type":"WebPage","@id":"https:\/\/www.granducatocollection.com\/servizi-e-ospitalita\/viareggio-mare-e-cultura-in-toscana\/","url":"https:\/\/www.granducatocollection.com\/servizi-e-ospitalita\/viareggio-mare-e-cultura-in-toscana\/","name":"B&B Arezzo - Viareggio - Gran Ducato Collection","isPartOf":{"@id":"https:\/\/www.granducatocollection.com\/#website"},"primaryImageOfPage":{"@id":"https:\/\/www.granducatocollection.com\/servizi-e-ospitalita\/viareggio-mare-e-cultura-in-toscana\/#primaryimage"},"image":{"@id":"https:\/\/www.granducatocollection.com\/servizi-e-ospitalita\/viareggio-mare-e-cultura-in-toscana\/#primaryimage"},"thumbnailUrl":"https:\/\/www.granducatocollection.com\/wp-content\/uploads\/2024\/07\/Viareggio-granducatogestioni-arezzo-toscana-newscaled.jpg","datePublished":"2024-07-18T10:33:43+00:00","dateModified":"2026-03-17T15:09:33+00:00","description":"Scopri Viareggio con Gran Ducato Collection:soggiorni in B&B e affittacamere nella perla della Versilia alla storia alla magia del Carnevale.","breadcrumb":{"@id":"https:\/\/www.granducatocollection.com\/servizi-e-ospitalita\/viareggio-mare-e-cultura-in-toscana\/#breadcrumb"},"inLanguage":"pl-PL","potentialAction":[{"@type":"ReadAction","target":["https:\/\/www.granducatocollection.com\/servizi-e-ospitalita\/viareggio-mare-e-cultura-in-toscana\/"]}]},{"@type":"ImageObject","inLanguage":"pl-PL","@id":"https:\/\/www.granducatocollection.com\/servizi-e-ospitalita\/viareggio-mare-e-cultura-in-toscana\/#primaryimage","url":"https:\/\/www.granducatocollection.com\/wp-content\/uploads\/2024\/07\/Viareggio-granducatogestioni-arezzo-toscana-newscaled.jpg","contentUrl":"https:\/\/www.granducatocollection.com\/wp-content\/uploads\/2024\/07\/Viareggio-granducatogestioni-arezzo-toscana-newscaled.jpg","width":744,"height":427},{"@type":"BreadcrumbList","@id":"https:\/\/www.granducatocollection.com\/servizi-e-ospitalita\/viareggio-mare-e-cultura-in-toscana\/#breadcrumb","itemListElement":[{"@type":"ListItem","position":1,"name":"Home","item":"https:\/\/www.granducatocollection.com\/"},{"@type":"ListItem","position":2,"name":"Portfolio","item":"https:\/\/www.granducatocollection.com\/portfolio-items\/"},{"@type":"ListItem","position":3,"name":"false"}]},{"@type":"WebSite","@id":"https:\/\/www.granducatocollection.com\/#website","url":"https:\/\/www.granducatocollection.com\/","name":"GranDucato Collection","description":"Prenota la tua vacanza e vivi un&#039;esperienza unica","potentialAction":[{"@type":"SearchAction","target":{"@type":"EntryPoint","urlTemplate":"https:\/\/www.granducatocollection.com\/?s={search_term_string}"},"query-input":{"@type":"PropertyValueSpecification","valueRequired":true,"valueName":"search_term_string"}}],"inLanguage":"pl-PL"}]}},"_links":{"self":[{"href":"https:\/\/www.granducatocollection.com\/pl\/wp-json\/wp\/v2\/avada_portfolio\/3833","targetHints":{"allow":["GET"]}}],"collection":[{"href":"https:\/\/www.granducatocollection.com\/pl\/wp-json\/wp\/v2\/avada_portfolio"}],"about":[{"href":"https:\/\/www.granducatocollection.com\/pl\/wp-json\/wp\/v2\/types\/avada_portfolio"}],"author":[{"embeddable":true,"href":"https:\/\/www.granducatocollection.com\/pl\/wp-json\/wp\/v2\/users\/1"}],"replies":[{"embeddable":true,"href":"https:\/\/www.granducatocollection.com\/pl\/wp-json\/wp\/v2\/comments?post=3833"}],"version-history":[{"count":6,"href":"https:\/\/www.granducatocollection.com\/pl\/wp-json\/wp\/v2\/avada_portfolio\/3833\/revisions"}],"predecessor-version":[{"id":11152,"href":"https:\/\/www.granducatocollection.com\/pl\/wp-json\/wp\/v2\/avada_portfolio\/3833\/revisions\/11152"}],"wp:featuredmedia":[{"embeddable":true,"href":"https:\/\/www.granducatocollection.com\/pl\/wp-json\/wp\/v2\/media\/5752"}],"wp:attachment":[{"href":"https:\/\/www.granducatocollection.com\/pl\/wp-json\/wp\/v2\/media?parent=3833"}],"wp:term":[{"taxonomy":"portfolio_category","embeddable":true,"href":"https:\/\/www.granducatocollection.com\/pl\/wp-json\/wp\/v2\/portfolio_category?post=3833"},{"taxonomy":"portfolio_skills","embeddable":true,"href":"https:\/\/www.granducatocollection.com\/pl\/wp-json\/wp\/v2\/portfolio_skills?post=3833"},{"taxonomy":"portfolio_tags","embeddable":true,"href":"https:\/\/www.granducatocollection.com\/pl\/wp-json\/wp\/v2\/portfolio_tags?post=3833"}],"curies":[{"name":"wp","href":"https:\/\/api.w.org\/{rel}","templated":true}]}}